{"id":161,"date":"2018-07-09T15:15:34","date_gmt":"2018-07-09T13:15:34","guid":{"rendered":"http:\/\/leclosduperejoseph.fr\/?page_id=161"},"modified":"2022-09-22T19:16:58","modified_gmt":"2022-09-22T17:16:58","slug":"le-village-et-les-alentours","status":"publish","type":"page","link":"https:\/\/leclosduperejoseph.fr\/?page_id=161","title":{"rendered":"Le village et les alentours"},"content":{"rendered":"\t\t<div data-elementor-type=\"wp-post\" data-elementor-id=\"161\" class=\"elementor elementor-161\">\n\t\t\t\t\t\t<section class=\"elementor-section elementor-top-section elementor-element elementor-element-0ca13db elementor-section-boxed elementor-section-height-default elementor-section-height-default\" data-id=\"0ca13db\" data-element_type=\"section\" data-e-type=\"section\">\n\t\t\t\t\t\t<div class=\"elementor-container elementor-column-gap-default\">\n\t\t\t\t\t<div class=\"elementor-column elementor-col-50 elementor-top-column elementor-element elementor-element-020966a\" data-id=\"020966a\" data-element_type=\"column\" data-e-type=\"column\">\n\t\t\t<div class=\"elementor-widget-wrap elementor-element-populated\">\n\t\t\t\t\t\t<div class=\"elementor-element elementor-element-967a78b elementor-widget elementor-widget-text-editor\" data-id=\"967a78b\" data-element_type=\"widget\" data-e-type=\"widget\" data-widget_type=\"text-editor.default\">\n\t\t\t\t<div class=\"elementor-widget-container\">\n\t\t\t\t\t\t\t\t\t<p><strong>Dans le village de Neuville-sous-Montreuil<\/strong> vous trouverez dans un secteur de 5 minutes \u00e0 pieds : 2 boulangeries, 1 boucherie, 1 \u00e9picerie, 1 pharmacie, 2 caf\u00e9s, 1 coiffeur<\/p><p>A moins de 2 kilom\u00e8tres, 2 supermarch\u00e9s<\/p>\t\t\t\t\t\t\t\t<\/div>\n\t\t\t\t<\/div>\n\t\t\t\t\t<\/div>\n\t\t<\/div>\n\t\t\t\t<div class=\"elementor-column elementor-col-50 elementor-top-column elementor-element elementor-element-9f7dc39\" data-id=\"9f7dc39\" data-element_type=\"column\" data-e-type=\"column\">\n\t\t\t<div class=\"elementor-widget-wrap elementor-element-populated\">\n\t\t\t\t\t\t<div class=\"elementor-element elementor-element-b37e8ab elementor-widget elementor-widget-image\" data-id=\"b37e8ab\" data-element_type=\"widget\" data-e-type=\"widget\" data-widget_type=\"image.default\">\n\t\t\t\t<div class=\"elementor-widget-container\">\n\t\t\t\t\t\t\t\t\t\t\t\t\t\t\t<img decoding=\"async\" src=\"https:\/\/leclosduperejoseph.fr\/wp-content\/uploads\/elementor\/thumbs\/NEUVILLE_SOUS_MONTREUIL-62-nsvd2jmmq8t83sn7f9k49rjww2dqzv3ma4f9ds6j1o.jpg\" title=\"NEUVILLE_SOUS_MONTREUIL-62\" alt=\"NEUVILLE_SOUS_MONTREUIL-62\" loading=\"lazy\" \/>\t\t\t\t\t\t\t\t\t\t\t\t\t\t\t<\/div>\n\t\t\t\t<\/div>\n\t\t\t\t\t<\/div>\n\t\t<\/div>\n\t\t\t\t\t<\/div>\n\t\t<\/section>\n\t\t\t\t<section class=\"elementor-section elementor-top-section elementor-element elementor-element-ffd2a40 elementor-section-boxed elementor-section-height-default elementor-section-height-default\" data-id=\"ffd2a40\" data-element_type=\"section\" data-e-type=\"section\">\n\t\t\t\t\t\t<div class=\"elementor-container elementor-column-gap-default\">\n\t\t\t\t\t<div class=\"elementor-column elementor-col-50 elementor-top-column elementor-element elementor-element-c87afb4\" data-id=\"c87afb4\" data-element_type=\"column\" data-e-type=\"column\">\n\t\t\t<div class=\"elementor-widget-wrap elementor-element-populated\">\n\t\t\t\t\t\t<div class=\"elementor-element elementor-element-0492293 elementor-widget elementor-widget-image\" data-id=\"0492293\" data-element_type=\"widget\" data-e-type=\"widget\" data-widget_type=\"image.default\">\n\t\t\t\t<div class=\"elementor-widget-container\">\n\t\t\t\t\t\t\t\t\t\t\t\t\t\t\t<img fetchpriority=\"high\" decoding=\"async\" width=\"300\" height=\"200\" src=\"https:\/\/leclosduperejoseph.fr\/wp-content\/uploads\/2018\/07\/chartreuse_neuville-300x200.jpg\" class=\"attachment-medium size-medium wp-image-171\" alt=\"\" srcset=\"https:\/\/leclosduperejoseph.fr\/wp-content\/uploads\/2018\/07\/chartreuse_neuville-300x200.jpg 300w, https:\/\/leclosduperejoseph.fr\/wp-content\/uploads\/2018\/07\/chartreuse_neuville-768x512.jpg 768w, https:\/\/leclosduperejoseph.fr\/wp-content\/uploads\/2018\/07\/chartreuse_neuville.jpg 800w\" sizes=\"(max-width: 300px) 100vw, 300px\" \/>\t\t\t\t\t\t\t\t\t\t\t\t\t\t\t<\/div>\n\t\t\t\t<\/div>\n\t\t\t\t\t<\/div>\n\t\t<\/div>\n\t\t\t\t<div class=\"elementor-column elementor-col-50 elementor-top-column elementor-element elementor-element-29f7e85\" data-id=\"29f7e85\" data-element_type=\"column\" data-e-type=\"column\">\n\t\t\t<div class=\"elementor-widget-wrap elementor-element-populated\">\n\t\t\t\t\t\t<div class=\"elementor-element elementor-element-c49a6e1 elementor-widget elementor-widget-text-editor\" data-id=\"c49a6e1\" data-element_type=\"widget\" data-e-type=\"widget\" data-widget_type=\"text-editor.default\">\n\t\t\t\t<div class=\"elementor-widget-container\">\n\t\t\t\t\t\t\t\t\t<div class=\"elementor-column-wrap elementor-element-populated\"><div id=\"\" class=\"elementor-element elementor-element-edit-mode elementor-element-405a7ab ui-sortable-handle elementor-widget elementor-widget-text-editor\" data-id=\"405a7ab\" data-element_type=\"text-editor.default\" data-model-cid=\"c57\"><div class=\"elementor-widget-container\"><div class=\"elementor-text-editor elementor-clearfix elementor-inline-editing\" data-elementor-setting-key=\"editor\" data-elementor-inline-editing-toolbar=\"advanced\"><p>\u00a0<\/p><p><span style=\"font-size: 14px;\"><strong>La Chartreuse de Neuville-sous-Montreuil<\/strong> est actuellement le plus grand\u00a0<\/span><span style=\"font-size: 14px;\">chantier de r\u00e9novation des monuments de France (<\/span><a style=\"font-size: 14px; background-color: #ffffff;\" href=\"https:\/\/lachartreusedeneuville.org\/visite.html\">https:\/\/lachartreusedeneuville.org\/visite.html<\/a><span style=\"font-size: 14px;\">)<\/span><\/p><\/div><\/div><\/div><\/div>\t\t\t\t\t\t\t\t<\/div>\n\t\t\t\t<\/div>\n\t\t\t\t\t<\/div>\n\t\t<\/div>\n\t\t\t\t\t<\/div>\n\t\t<\/section>\n\t\t\t\t<section class=\"elementor-section elementor-top-section elementor-element elementor-element-9bcd525 elementor-section-boxed elementor-section-height-default elementor-section-height-default\" data-id=\"9bcd525\" data-element_type=\"section\" data-e-type=\"section\">\n\t\t\t\t\t\t<div class=\"elementor-container elementor-column-gap-default\">\n\t\t\t\t\t<div class=\"elementor-column elementor-col-50 elementor-top-column elementor-element elementor-element-f258a9b\" data-id=\"f258a9b\" data-element_type=\"column\" data-e-type=\"column\">\n\t\t\t<div class=\"elementor-widget-wrap elementor-element-populated\">\n\t\t\t\t\t\t<div class=\"elementor-element elementor-element-cb893f3 elementor-widget elementor-widget-text-editor\" data-id=\"cb893f3\" data-element_type=\"widget\" data-e-type=\"widget\" data-widget_type=\"text-editor.default\">\n\t\t\t\t<div class=\"elementor-widget-container\">\n\t\t\t\t\t\t\t\t\t<div class=\"elementor-column-wrap elementor-element-populated\"><div class=\"elementor-background-overlay\">\u00a0<\/div><div class=\"elementor-widget-wrap ui-sortable\"><div id=\"\" class=\"elementor-element elementor-element-edit-mode elementor-element-9ed8942 ui-sortable-handle elementor-widget elementor-widget-text-editor\" data-id=\"9ed8942\" data-element_type=\"text-editor.default\" data-model-cid=\"c66\"><div class=\"elementor-element-overlay\">\u00a0<\/div><div class=\"elementor-widget-container\"><div class=\"elementor-text-editor elementor-clearfix elementor-inline-editing\" data-elementor-setting-key=\"editor\" data-elementor-inline-editing-toolbar=\"advanced\"><p>\u00a0<\/p><p><strong>Montreuil-sur-Mer (2km)<\/strong> <strong>destination d\u2019exception entre patrimoine et gastronomie. Elu 2<sup>\u00e8me<\/sup> village pr\u00e9f\u00e9r\u00e9 des fran\u00e7ais en 2016.<\/strong><\/p><p><strong>Ses remparts, sa citadelle. Ballades \u00e0 pieds, en v\u00e9lo, kayak.<\/strong><\/p><p><strong> Ses nombreuses brasseries et restaurants avec 1 chef \u00e9toil\u00e9 Alexandre Gauthier (2*) \u00e0 la Grenouill\u00e8re de la Madeleine sous Montreuil.<\/strong><\/p><p>De grands \u00e9v\u00e9nements s\u2019y d\u00e9roulent pendant l\u2019ann\u00e9e : le spectacle des Mis\u00e9rables, le festival des Malins Plaisirs, la frappadingue\u2026. (<a href=\"mailto:accueil@tourisme-montreuillois.com\">accueil@tourisme-montreuillois.com<\/a>)<\/p><\/div><\/div><\/div><\/div><\/div>\t\t\t\t\t\t\t\t<\/div>\n\t\t\t\t<\/div>\n\t\t\t\t\t<\/div>\n\t\t<\/div>\n\t\t\t\t<div class=\"elementor-column elementor-col-50 elementor-top-column elementor-element elementor-element-6fd0663\" data-id=\"6fd0663\" data-element_type=\"column\" data-e-type=\"column\">\n\t\t\t<div class=\"elementor-widget-wrap elementor-element-populated\">\n\t\t\t\t\t\t<div class=\"elementor-element elementor-element-f1df7ec elementor-widget elementor-widget-image\" data-id=\"f1df7ec\" data-element_type=\"widget\" data-e-type=\"widget\" data-widget_type=\"image.default\">\n\t\t\t\t<div class=\"elementor-widget-container\">\n\t\t\t\t\t\t\t\t\t\t\t\t\t\t\t<img decoding=\"async\" width=\"150\" height=\"150\" src=\"https:\/\/leclosduperejoseph.fr\/wp-content\/uploads\/2018\/07\/miserables-1-150x150.jpg\" class=\"attachment-thumbnail size-thumbnail wp-image-314\" alt=\"\" \/>\t\t\t\t\t\t\t\t\t\t\t\t\t\t\t<\/div>\n\t\t\t\t<\/div>\n\t\t\t\t<div class=\"elementor-element elementor-element-0d4a616 elementor-widget elementor-widget-image\" data-id=\"0d4a616\" data-element_type=\"widget\" data-e-type=\"widget\" data-widget_type=\"image.default\">\n\t\t\t\t<div class=\"elementor-widget-container\">\n\t\t\t\t\t\t\t\t\t\t\t\t\t\t\t<img decoding=\"async\" width=\"150\" height=\"150\" src=\"https:\/\/leclosduperejoseph.fr\/wp-content\/uploads\/2018\/07\/remparts-150x150.jpg\" class=\"attachment-thumbnail size-thumbnail wp-image-173\" alt=\"\" \/>\t\t\t\t\t\t\t\t\t\t\t\t\t\t\t<\/div>\n\t\t\t\t<\/div>\n\t\t\t\t\t<\/div>\n\t\t<\/div>\n\t\t\t\t\t<\/div>\n\t\t<\/section>\n\t\t\t\t<section class=\"elementor-section elementor-top-section elementor-element elementor-element-a428522 elementor-section-boxed elementor-section-height-default elementor-section-height-default\" data-id=\"a428522\" data-element_type=\"section\" data-e-type=\"section\">\n\t\t\t\t\t\t<div class=\"elementor-container elementor-column-gap-default\">\n\t\t\t\t\t<div class=\"elementor-column elementor-col-50 elementor-top-column elementor-element elementor-element-da91b5e\" data-id=\"da91b5e\" data-element_type=\"column\" data-e-type=\"column\">\n\t\t\t<div class=\"elementor-widget-wrap elementor-element-populated\">\n\t\t\t\t\t\t<div class=\"elementor-element elementor-element-83d7c6c elementor-widget elementor-widget-image\" data-id=\"83d7c6c\" data-element_type=\"widget\" data-e-type=\"widget\" data-widget_type=\"image.default\">\n\t\t\t\t<div class=\"elementor-widget-container\">\n\t\t\t\t\t\t\t\t\t\t\t\t\t\t\t<img loading=\"lazy\" decoding=\"async\" width=\"300\" height=\"148\" src=\"https:\/\/leclosduperejoseph.fr\/wp-content\/uploads\/2018\/07\/pano_aqualud-300x148.jpg\" class=\"attachment-medium size-medium wp-image-176\" alt=\"\" srcset=\"https:\/\/leclosduperejoseph.fr\/wp-content\/uploads\/2018\/07\/pano_aqualud-300x148.jpg 300w, https:\/\/leclosduperejoseph.fr\/wp-content\/uploads\/2018\/07\/pano_aqualud-768x379.jpg 768w, https:\/\/leclosduperejoseph.fr\/wp-content\/uploads\/2018\/07\/pano_aqualud.jpg 800w\" sizes=\"(max-width: 300px) 100vw, 300px\" \/>\t\t\t\t\t\t\t\t\t\t\t\t\t\t\t<\/div>\n\t\t\t\t<\/div>\n\t\t\t\t\t<\/div>\n\t\t<\/div>\n\t\t\t\t<div class=\"elementor-column elementor-col-50 elementor-top-column elementor-element elementor-element-65c861e\" data-id=\"65c861e\" data-element_type=\"column\" data-e-type=\"column\">\n\t\t\t<div class=\"elementor-widget-wrap elementor-element-populated\">\n\t\t\t\t\t\t<div class=\"elementor-element elementor-element-382aea2 elementor-widget elementor-widget-text-editor\" data-id=\"382aea2\" data-element_type=\"widget\" data-e-type=\"widget\" data-widget_type=\"text-editor.default\">\n\t\t\t\t<div class=\"elementor-widget-container\">\n\t\t\t\t\t\t\t\t\t<div class=\"elementor-element elementor-element-edit-mode elementor-element-a1a8eb0 elementor-column elementor-top-column ui-resizable\" data-id=\"a1a8eb0\" data-element_type=\"column\" data-col=\"50\" data-model-cid=\"c86\"><div class=\"elementor-column-wrap elementor-element-populated\"><div class=\"elementor-widget-wrap ui-sortable\"><div id=\"\" class=\"elementor-element elementor-element-edit-mode elementor-element-ebdeeff ui-sortable-handle elementor-widget elementor-widget-text-editor\" data-id=\"ebdeeff\" data-element_type=\"text-editor.default\" data-model-cid=\"c87\"><div class=\"elementor-widget-container\"><div class=\"elementor-text-editor elementor-clearfix elementor-inline-editing\" data-elementor-setting-key=\"editor\" data-elementor-inline-editing-toolbar=\"advanced\"><p>\u00a0<\/p><p><strong>Le Touquet-Paris-Plage (11km)<\/strong>\u00a0: plage, boutiques, brasseries, golf, hippodrome, char \u00e0 voile, paddle, kayak, parc de loisirs aquatique l\u2019Aqualud (<a href=\"http:\/\/www.aqualud.com\">www.aqualud.com<\/a>)<\/p><\/div><\/div><\/div><\/div><\/div><\/div>\t\t\t\t\t\t\t\t<\/div>\n\t\t\t\t<\/div>\n\t\t\t\t\t<\/div>\n\t\t<\/div>\n\t\t\t\t\t<\/div>\n\t\t<\/section>\n\t\t\t\t<section class=\"elementor-section elementor-top-section elementor-element elementor-element-a22e5a8 elementor-section-boxed elementor-section-height-default elementor-section-height-default\" data-id=\"a22e5a8\" data-element_type=\"section\" data-e-type=\"section\">\n\t\t\t\t\t\t<div class=\"elementor-container elementor-column-gap-default\">\n\t\t\t\t\t<div class=\"elementor-column elementor-col-50 elementor-top-column elementor-element elementor-element-72cce29\" data-id=\"72cce29\" data-element_type=\"column\" data-e-type=\"column\">\n\t\t\t<div class=\"elementor-widget-wrap elementor-element-populated\">\n\t\t\t\t\t\t<div class=\"elementor-element elementor-element-a9ca65e elementor-widget elementor-widget-text-editor\" data-id=\"a9ca65e\" data-element_type=\"widget\" data-e-type=\"widget\" data-widget_type=\"text-editor.default\">\n\t\t\t\t<div class=\"elementor-widget-container\">\n\t\t\t\t\t\t\t\t\t<div class=\"elementor-widget-container\"><div class=\"elementor-text-editor elementor-clearfix elementor-inline-editing\" data-elementor-setting-key=\"editor\" data-elementor-inline-editing-toolbar=\"advanced\"><p>\u00a0<\/p><p><strong>La Baie de Somme\u00a0(30km)<\/strong>\u00a0: Parc ornithologique du Marquenterre (<a href=\"http:\/\/www.parcdumarquenterre.com\">www.parcdumarquenterre.com<\/a>), St-Val\u00e9ry-sur-Somme (2<sup>\u00e8me<\/sup> village pr\u00e9f\u00e9r\u00e9 des fran\u00e7ais en 2017), le Crotoy, le train touristique de la Baie de Somme (<a href=\"http:\/\/www.cfbo.eu.fr\">www.cfbo.eu.fr<\/a>), les Jardins de Valloires, l&rsquo;Abbaye de Valloires<\/p><p><strong>La Baie d\u2019Authie\u00a0(25\u00a0 km)<\/strong> : Berck\u00a0: la plage et ses phoques<\/p><\/div><\/div>\t\t\t\t\t\t\t\t<\/div>\n\t\t\t\t<\/div>\n\t\t\t\t\t<\/div>\n\t\t<\/div>\n\t\t\t\t<div class=\"elementor-column elementor-col-50 elementor-top-column elementor-element elementor-element-1fd6b42\" data-id=\"1fd6b42\" data-element_type=\"column\" data-e-type=\"column\">\n\t\t\t<div class=\"elementor-widget-wrap elementor-element-populated\">\n\t\t\t\t\t\t<div class=\"elementor-element elementor-element-c5b646c elementor-widget elementor-widget-image\" data-id=\"c5b646c\" data-element_type=\"widget\" data-e-type=\"widget\" data-widget_type=\"image.default\">\n\t\t\t\t<div class=\"elementor-widget-container\">\n\t\t\t\t\t\t\t\t\t\t\t\t\t\t\t<img loading=\"lazy\" decoding=\"async\" width=\"225\" height=\"225\" src=\"https:\/\/leclosduperejoseph.fr\/wp-content\/uploads\/2018\/07\/baie_somme.jpg\" class=\"attachment-medium size-medium wp-image-178\" alt=\"\" srcset=\"https:\/\/leclosduperejoseph.fr\/wp-content\/uploads\/2018\/07\/baie_somme.jpg 225w, https:\/\/leclosduperejoseph.fr\/wp-content\/uploads\/2018\/07\/baie_somme-150x150.jpg 150w\" sizes=\"(max-width: 225px) 100vw, 225px\" \/>\t\t\t\t\t\t\t\t\t\t\t\t\t\t\t<\/div>\n\t\t\t\t<\/div>\n\t\t\t\t\t<\/div>\n\t\t<\/div>\n\t\t\t\t\t<\/div>\n\t\t<\/section>\n\t\t\t\t<section class=\"elementor-section elementor-top-section elementor-element elementor-element-deeba48 elementor-section-boxed elementor-section-height-default elementor-section-height-default\" data-id=\"deeba48\" data-element_type=\"section\" data-e-type=\"section\">\n\t\t\t\t\t\t<div class=\"elementor-container elementor-column-gap-default\">\n\t\t\t\t\t<div class=\"elementor-column elementor-col-50 elementor-top-column elementor-element elementor-element-fcaef08\" data-id=\"fcaef08\" data-element_type=\"column\" data-e-type=\"column\">\n\t\t\t<div class=\"elementor-widget-wrap elementor-element-populated\">\n\t\t\t\t\t\t<div class=\"elementor-element elementor-element-1464f69 elementor-widget elementor-widget-image\" data-id=\"1464f69\" data-element_type=\"widget\" data-e-type=\"widget\" data-widget_type=\"image.default\">\n\t\t\t\t<div class=\"elementor-widget-container\">\n\t\t\t\t\t\t\t\t\t\t\t\t\t\t\t<img loading=\"lazy\" decoding=\"async\" width=\"300\" height=\"185\" src=\"https:\/\/leclosduperejoseph.fr\/wp-content\/uploads\/2018\/07\/nausicaa-085813-300x185.jpg\" class=\"attachment-medium size-medium wp-image-180\" alt=\"\" srcset=\"https:\/\/leclosduperejoseph.fr\/wp-content\/uploads\/2018\/07\/nausicaa-085813-300x185.jpg 300w, https:\/\/leclosduperejoseph.fr\/wp-content\/uploads\/2018\/07\/nausicaa-085813.jpg 650w\" sizes=\"(max-width: 300px) 100vw, 300px\" \/>\t\t\t\t\t\t\t\t\t\t\t\t\t\t\t<\/div>\n\t\t\t\t<\/div>\n\t\t\t\t\t<\/div>\n\t\t<\/div>\n\t\t\t\t<div class=\"elementor-column elementor-col-50 elementor-top-column elementor-element elementor-element-9cf0a4b\" data-id=\"9cf0a4b\" data-element_type=\"column\" data-e-type=\"column\">\n\t\t\t<div class=\"elementor-widget-wrap elementor-element-populated\">\n\t\t\t\t\t\t<div class=\"elementor-element elementor-element-3382ecf elementor-widget elementor-widget-text-editor\" data-id=\"3382ecf\" data-element_type=\"widget\" data-e-type=\"widget\" data-widget_type=\"text-editor.default\">\n\t\t\t\t<div class=\"elementor-widget-container\">\n\t\t\t\t\t\t\t\t\t<p>\u00a0<\/p><p><strong>Boulogne-sur-Mer ( 35 km)<\/strong>\u00a0: centre National d la mer Nausic\u00e4a (<a href=\"http:\/\/www.nausicaa.fr\">www.nausicaa.fr<\/a>)<\/p>\t\t\t\t\t\t\t\t<\/div>\n\t\t\t\t<\/div>\n\t\t\t\t\t<\/div>\n\t\t<\/div>\n\t\t\t\t\t<\/div>\n\t\t<\/section>\n\t\t\t\t<section class=\"elementor-section elementor-top-section elementor-element elementor-element-c92bf8f elementor-section-boxed elementor-section-height-default elementor-section-height-default\" data-id=\"c92bf8f\" data-element_type=\"section\" data-e-type=\"section\">\n\t\t\t\t\t\t<div class=\"elementor-container elementor-column-gap-default\">\n\t\t\t\t\t<div class=\"elementor-column elementor-col-33 elementor-top-column elementor-element elementor-element-636f653\" data-id=\"636f653\" data-element_type=\"column\" data-e-type=\"column\">\n\t\t\t<div class=\"elementor-widget-wrap elementor-element-populated\">\n\t\t\t\t\t\t<div class=\"elementor-element elementor-element-d8667d6 elementor-widget elementor-widget-text-editor\" data-id=\"d8667d6\" data-element_type=\"widget\" data-e-type=\"widget\" data-widget_type=\"text-editor.default\">\n\t\t\t\t<div class=\"elementor-widget-container\">\n\t\t\t\t\t\t\t\t\t<p>\u00a0<\/p><p><strong>Condette (28km)<\/strong> : le Ch\u00e2teau d\u2019Hardelot (www.chateau-<span style=\"font-size: 14px;\">hardelot.fr)<\/span><\/p>\t\t\t\t\t\t\t\t<\/div>\n\t\t\t\t<\/div>\n\t\t\t\t\t<\/div>\n\t\t<\/div>\n\t\t\t\t<div class=\"elementor-column elementor-col-33 elementor-top-column elementor-element elementor-element-f7ad824\" data-id=\"f7ad824\" data-element_type=\"column\" data-e-type=\"column\">\n\t\t\t<div class=\"elementor-widget-wrap elementor-element-populated\">\n\t\t\t\t\t\t<div class=\"elementor-element elementor-element-4a44588 elementor-widget elementor-widget-text-editor\" data-id=\"4a44588\" data-element_type=\"widget\" data-e-type=\"widget\" data-widget_type=\"text-editor.default\">\n\t\t\t\t<div class=\"elementor-widget-container\">\n\t\t\t\t\t\t\t\t\t<div class=\"elementor-column-wrap elementor-element-populated\"><div class=\"elementor-widget-wrap ui-sortable\"><div id=\"\" class=\"elementor-element elementor-element-edit-mode elementor-element-4e94434 ui-sortable-handle elementor-widget elementor-widget-text-editor\" data-id=\"4e94434\" data-element_type=\"text-editor.default\" data-model-cid=\"c156\"><div class=\"elementor-widget-container\"><div class=\"elementor-text-editor elementor-clearfix elementor-inline-editing\" data-elementor-setting-key=\"editor\" data-elementor-inline-editing-toolbar=\"advanced\"><p>\u00a0<\/p><p><strong>Desvres\u00a0(28km)<\/strong> : La Maison de la fa\u00efence ( <a href=\"http:\/\/www.musee-ceramique-desvres.fr\">www.musee-ceramique-desvres.fr<\/a>), le Village des M\u00e9tiers d\u2019Art\u00a0<span style=\"font-size: 14px;\">(<\/span><a style=\"font-size: 14px; background-color: #ffffff;\" href=\"http:\/\/www.vmad.fr\">www.vmad.fr<\/a>)<\/p><\/div><\/div><\/div><\/div><\/div>\t\t\t\t\t\t\t\t<\/div>\n\t\t\t\t<\/div>\n\t\t\t\t\t<\/div>\n\t\t<\/div>\n\t\t\t\t<div class=\"elementor-column elementor-col-33 elementor-top-column elementor-element elementor-element-a7b4e0b\" data-id=\"a7b4e0b\" data-element_type=\"column\" data-e-type=\"column\">\n\t\t\t<div class=\"elementor-widget-wrap elementor-element-populated\">\n\t\t\t\t\t\t<div class=\"elementor-element elementor-element-3cd1a18 elementor-widget elementor-widget-text-editor\" data-id=\"3cd1a18\" data-element_type=\"widget\" data-e-type=\"widget\" data-widget_type=\"text-editor.default\">\n\t\t\t\t<div class=\"elementor-widget-container\">\n\t\t\t\t\t\t\t\t\t<p>\u00a0<\/p><p><strong>St-Omer (50km)<\/strong> : la Coupole, centre historique de\u00a0<span style=\"font-size: 14px;\">la\u00a0<\/span><span style=\"font-size: 14px;\">seconde guerre mondiale (www.lacoupole-france.com)<\/span><\/p>\t\t\t\t\t\t\t\t<\/div>\n\t\t\t\t<\/div>\n\t\t\t\t\t<\/div>\n\t\t<\/div>\n\t\t\t\t\t<\/div>\n\t\t<\/section>\n\t\t\t\t<section class=\"elementor-section elementor-top-section elementor-element elementor-element-2dd8222 elementor-section-boxed elementor-section-height-default elementor-section-height-default\" data-id=\"2dd8222\" data-element_type=\"section\" data-e-type=\"section\">\n\t\t\t\t\t\t<div class=\"elementor-container elementor-column-gap-default\">\n\t\t\t\t\t<div class=\"elementor-column elementor-col-33 elementor-top-column elementor-element elementor-element-3500001\" data-id=\"3500001\" data-element_type=\"column\" data-e-type=\"column\">\n\t\t\t<div class=\"elementor-widget-wrap elementor-element-populated\">\n\t\t\t\t\t\t<div class=\"elementor-element elementor-element-6c399f0 elementor-widget elementor-widget-image\" data-id=\"6c399f0\" data-element_type=\"widget\" data-e-type=\"widget\" data-widget_type=\"image.default\">\n\t\t\t\t<div class=\"elementor-widget-container\">\n\t\t\t\t\t\t\t\t\t\t\t\t\t\t\t<img loading=\"lazy\" decoding=\"async\" width=\"300\" height=\"200\" src=\"https:\/\/leclosduperejoseph.fr\/wp-content\/uploads\/2018\/07\/chateau_hardelot-300x200.jpg\" class=\"attachment-medium size-medium wp-image-181\" alt=\"\" srcset=\"https:\/\/leclosduperejoseph.fr\/wp-content\/uploads\/2018\/07\/chateau_hardelot-300x200.jpg 300w, https:\/\/leclosduperejoseph.fr\/wp-content\/uploads\/2018\/07\/chateau_hardelot-768x512.jpg 768w, https:\/\/leclosduperejoseph.fr\/wp-content\/uploads\/2018\/07\/chateau_hardelot.jpg 1024w\" sizes=\"(max-width: 300px) 100vw, 300px\" \/>\t\t\t\t\t\t\t\t\t\t\t\t\t\t\t<\/div>\n\t\t\t\t<\/div>\n\t\t\t\t\t<\/div>\n\t\t<\/div>\n\t\t\t\t<div class=\"elementor-column elementor-col-33 elementor-top-column elementor-element elementor-element-b86576f\" data-id=\"b86576f\" data-element_type=\"column\" data-e-type=\"column\">\n\t\t\t<div class=\"elementor-widget-wrap elementor-element-populated\">\n\t\t\t\t\t\t<div class=\"elementor-element elementor-element-e397b38 elementor-widget elementor-widget-image\" data-id=\"e397b38\" data-element_type=\"widget\" data-e-type=\"widget\" data-widget_type=\"image.default\">\n\t\t\t\t<div class=\"elementor-widget-container\">\n\t\t\t\t\t\t\t\t\t\t\t\t\t\t\t<img loading=\"lazy\" decoding=\"async\" width=\"768\" height=\"282\" src=\"https:\/\/leclosduperejoseph.fr\/wp-content\/uploads\/2018\/07\/desvres-768x282.jpg\" class=\"attachment-medium_large size-medium_large wp-image-184\" alt=\"\" srcset=\"https:\/\/leclosduperejoseph.fr\/wp-content\/uploads\/2018\/07\/desvres-768x282.jpg 768w, https:\/\/leclosduperejoseph.fr\/wp-content\/uploads\/2018\/07\/desvres-300x110.jpg 300w, https:\/\/leclosduperejoseph.fr\/wp-content\/uploads\/2018\/07\/desvres-1024x375.jpg 1024w, https:\/\/leclosduperejoseph.fr\/wp-content\/uploads\/2018\/07\/desvres.jpg 1500w\" sizes=\"(max-width: 768px) 100vw, 768px\" \/>\t\t\t\t\t\t\t\t\t\t\t\t\t\t\t<\/div>\n\t\t\t\t<\/div>\n\t\t\t\t\t<\/div>\n\t\t<\/div>\n\t\t\t\t<div class=\"elementor-column elementor-col-33 elementor-top-column elementor-element elementor-element-6c1aed5\" data-id=\"6c1aed5\" data-element_type=\"column\" data-e-type=\"column\">\n\t\t\t<div class=\"elementor-widget-wrap elementor-element-populated\">\n\t\t\t\t\t\t<div class=\"elementor-element elementor-element-c87daf5 elementor-widget elementor-widget-image\" data-id=\"c87daf5\" data-element_type=\"widget\" data-e-type=\"widget\" data-widget_type=\"image.default\">\n\t\t\t\t<div class=\"elementor-widget-container\">\n\t\t\t\t\t\t\t\t\t\t\t\t\t\t\t<img loading=\"lazy\" decoding=\"async\" width=\"450\" height=\"232\" src=\"https:\/\/leclosduperejoseph.fr\/wp-content\/uploads\/2018\/07\/lacoupole.jpg\" class=\"attachment-medium_large size-medium_large wp-image-182\" alt=\"\" srcset=\"https:\/\/leclosduperejoseph.fr\/wp-content\/uploads\/2018\/07\/lacoupole.jpg 450w, https:\/\/leclosduperejoseph.fr\/wp-content\/uploads\/2018\/07\/lacoupole-300x155.jpg 300w\" sizes=\"(max-width: 450px) 100vw, 450px\" \/>\t\t\t\t\t\t\t\t\t\t\t\t\t\t\t<\/div>\n\t\t\t\t<\/div>\n\t\t\t\t\t<\/div>\n\t\t<\/div>\n\t\t\t\t\t<\/div>\n\t\t<\/section>\n\t\t\t\t<\/div>\n\t\t","protected":false},"excerpt":{"rendered":"<p>Dans le village de Neuville-sous-Montreuil vous trouverez dans un secteur de 5 minutes \u00e0 pieds : 2 boulangeries, 1 boucherie, 1 \u00e9picerie, 1 pharmacie, 2 caf\u00e9s, 1 coiffeur A moins de 2 kilom\u00e8tres, 2 supermarch\u00e9s \u00a0 La Chartreuse de Neuville-sous-Montreuil est actuellement le plus grand\u00a0chantier de r\u00e9novation des monuments de France (https:\/\/lachartreusedeneuville.org\/visite.html) \u00a0\u00a0 \u00a0 Montreuil-sur-Mer [&hellip;]<\/p>\n","protected":false},"author":1,"featured_media":0,"parent":0,"menu_order":0,"comment_status":"closed","ping_status":"closed","template":"","meta":{"ocean_post_layout":"full-width","ocean_both_sidebars_style":"","ocean_both_sidebars_content_width":0,"ocean_both_sidebars_sidebars_width":0,"ocean_sidebar":"0","ocean_second_sidebar":"0","ocean_disable_margins":"enable","ocean_add_body_class":"","ocean_shortcode_before_top_bar":"","ocean_shortcode_after_top_bar":"","ocean_shortcode_before_header":"","ocean_shortcode_after_header":"","ocean_has_shortcode":"","ocean_shortcode_after_title":"","ocean_shortcode_before_footer_widgets":"","ocean_shortcode_after_footer_widgets":"","ocean_shortcode_before_footer_bottom":"","ocean_shortcode_after_footer_bottom":"","ocean_display_top_bar":"default","ocean_display_header":"default","ocean_header_style":"","ocean_center_header_left_menu":"0","ocean_custom_header_template":"0","ocean_custom_logo":0,"ocean_custom_retina_logo":0,"ocean_custom_logo_max_width":0,"ocean_custom_logo_tablet_max_width":0,"ocean_custom_logo_mobile_max_width":0,"ocean_custom_logo_max_height":0,"ocean_custom_logo_tablet_max_height":0,"ocean_custom_logo_mobile_max_height":0,"ocean_header_custom_menu":"0","ocean_menu_typo_font_family":"0","ocean_menu_typo_font_subset":"","ocean_menu_typo_font_size":0,"ocean_menu_typo_font_size_tablet":0,"ocean_menu_typo_font_size_mobile":0,"ocean_menu_typo_font_size_unit":"px","ocean_menu_typo_font_weight":"","ocean_menu_typo_font_weight_tablet":"","ocean_menu_typo_font_weight_mobile":"","ocean_menu_typo_transform":"","ocean_menu_typo_transform_tablet":"","ocean_menu_typo_transform_mobile":"","ocean_menu_typo_line_height":0,"ocean_menu_typo_line_height_tablet":0,"ocean_menu_typo_line_height_mobile":0,"ocean_menu_typo_line_height_unit":"","ocean_menu_typo_spacing":0,"ocean_menu_typo_spacing_tablet":0,"ocean_menu_typo_spacing_mobile":0,"ocean_menu_typo_spacing_unit":"","ocean_menu_link_color":"","ocean_menu_link_color_hover":"","ocean_menu_link_color_active":"","ocean_menu_link_background":"","ocean_menu_link_hover_background":"","ocean_menu_link_active_background":"","ocean_menu_social_links_bg":"","ocean_menu_social_hover_links_bg":"","ocean_menu_social_links_color":"","ocean_menu_social_hover_links_color":"","ocean_disable_title":"default","ocean_disable_heading":"default","ocean_post_title":"","ocean_post_subheading":"","ocean_post_title_style":"","ocean_post_title_background_color":"","ocean_post_title_background":0,"ocean_post_title_bg_image_position":"","ocean_post_title_bg_image_attachment":"","ocean_post_title_bg_image_repeat":"","ocean_post_title_bg_image_size":"","ocean_post_title_height":0,"ocean_post_title_bg_overlay":0.5,"ocean_post_title_bg_overlay_color":"","ocean_disable_breadcrumbs":"default","ocean_breadcrumbs_color":"","ocean_breadcrumbs_separator_color":"","ocean_breadcrumbs_links_color":"","ocean_breadcrumbs_links_hover_color":"","ocean_display_footer_widgets":"default","ocean_display_footer_bottom":"default","ocean_custom_footer_template":"","_glsr_average":0,"_glsr_ranking":0,"_glsr_reviews":0,"footnotes":""},"class_list":["post-161","page","type-page","status-publish","hentry","entry"],"yoast_head":"<!-- This site is optimized with the Yoast SEO plugin v27.5 - https:\/\/yoast.com\/product\/yoast-seo-wordpress\/ -->\n<title>Le village et les alentours - G\u00eete &quot;Le Clos du P\u00e8re Joseph&quot; \u00e0 Neuville-sous-Montreuil (62170) T\u00e9l : 06 85 55 03 87<\/title>\n<meta name=\"description\" content=\"G\u00eete &quot;Le Clos du P\u00e8re Joseph&quot; \u00e0 Neuville-sous-Montreuil (62170) T\u00e9l : 06 85 55 03 87 Le village et les alentours g\u00eete\" \/>\n<meta name=\"robots\" content=\"index, follow, max-snippet:-1, max-image-preview:large, max-video-preview:-1\" \/>\n<link rel=\"canonical\" href=\"https:\/\/leclosduperejoseph.fr\/?page_id=161\" \/>\n<meta property=\"og:locale\" content=\"fr_FR\" \/>\n<meta property=\"og:type\" content=\"article\" \/>\n<meta property=\"og:title\" content=\"Le village et les alentours - G\u00eete &quot;Le Clos du P\u00e8re Joseph&quot; \u00e0 Neuville-sous-Montreuil (62170) T\u00e9l : 06 85 55 03 87\" \/>\n<meta property=\"og:description\" content=\"G\u00eete &quot;Le Clos du P\u00e8re Joseph&quot; \u00e0 Neuville-sous-Montreuil (62170) T\u00e9l : 06 85 55 03 87 Le village et les alentours g\u00eete\" \/>\n<meta property=\"og:url\" content=\"https:\/\/leclosduperejoseph.fr\/?page_id=161\" \/>\n<meta property=\"og:site_name\" content=\"G\u00eete &quot;Le Clos du P\u00e8re Joseph&quot; \u00e0 Neuville-sous-Montreuil (62170) T\u00e9l : 06 85 55 03 87\" \/>\n<meta property=\"article:modified_time\" content=\"2022-09-22T17:16:58+00:00\" \/>\n<meta property=\"og:image\" content=\"https:\/\/leclosduperejoseph.fr\/wp-content\/uploads\/elementor\/thumbs\/NEUVILLE_SOUS_MONTREUIL-62-nsvd2jmmq8t83sn7f9k49rjww2dqzv3ma4f9ds6j1y.jpg\" \/>\n<meta name=\"twitter:card\" content=\"summary_large_image\" \/>\n<script type=\"application\/ld+json\" class=\"yoast-schema-graph\">{\"@context\":\"https:\\\/\\\/schema.org\",\"@graph\":[{\"@type\":\"WebPage\",\"@id\":\"https:\\\/\\\/leclosduperejoseph.fr\\\/?page_id=161\",\"url\":\"https:\\\/\\\/leclosduperejoseph.fr\\\/?page_id=161\",\"name\":\"Le village et les alentours - G\u00eete &quot;Le Clos du P\u00e8re Joseph&quot; \u00e0 Neuville-sous-Montreuil (62170) T\u00e9l : 06 85 55 03 87\",\"isPartOf\":{\"@id\":\"https:\\\/\\\/leclosduperejoseph.fr\\\/#website\"},\"primaryImageOfPage\":{\"@id\":\"https:\\\/\\\/leclosduperejoseph.fr\\\/?page_id=161#primaryimage\"},\"image\":{\"@id\":\"https:\\\/\\\/leclosduperejoseph.fr\\\/?page_id=161#primaryimage\"},\"thumbnailUrl\":\"https:\\\/\\\/leclosduperejoseph.fr\\\/wp-content\\\/uploads\\\/elementor\\\/thumbs\\\/NEUVILLE_SOUS_MONTREUIL-62-nsvd2jmmq8t83sn7f9k49rjww2dqzv3ma4f9ds6j1y.jpg\",\"datePublished\":\"2018-07-09T13:15:34+00:00\",\"dateModified\":\"2022-09-22T17:16:58+00:00\",\"description\":\"G\u00eete &quot;Le Clos du P\u00e8re Joseph&quot; \u00e0 Neuville-sous-Montreuil (62170) T\u00e9l : 06 85 55 03 87 Le village et les alentours g\u00eete\",\"breadcrumb\":{\"@id\":\"https:\\\/\\\/leclosduperejoseph.fr\\\/?page_id=161#breadcrumb\"},\"inLanguage\":\"fr-FR\",\"potentialAction\":[{\"@type\":\"ReadAction\",\"target\":[\"https:\\\/\\\/leclosduperejoseph.fr\\\/?page_id=161\"]}]},{\"@type\":\"ImageObject\",\"inLanguage\":\"fr-FR\",\"@id\":\"https:\\\/\\\/leclosduperejoseph.fr\\\/?page_id=161#primaryimage\",\"url\":\"https:\\\/\\\/leclosduperejoseph.fr\\\/wp-content\\\/uploads\\\/elementor\\\/thumbs\\\/NEUVILLE_SOUS_MONTREUIL-62-nsvd2jmmq8t83sn7f9k49rjww2dqzv3ma4f9ds6j1y.jpg\",\"contentUrl\":\"https:\\\/\\\/leclosduperejoseph.fr\\\/wp-content\\\/uploads\\\/elementor\\\/thumbs\\\/NEUVILLE_SOUS_MONTREUIL-62-nsvd2jmmq8t83sn7f9k49rjww2dqzv3ma4f9ds6j1y.jpg\"},{\"@type\":\"BreadcrumbList\",\"@id\":\"https:\\\/\\\/leclosduperejoseph.fr\\\/?page_id=161#breadcrumb\",\"itemListElement\":[{\"@type\":\"ListItem\",\"position\":1,\"name\":\"Accueil\",\"item\":\"https:\\\/\\\/leclosduperejoseph.fr\\\/\"},{\"@type\":\"ListItem\",\"position\":2,\"name\":\"Le village et les alentours\"}]},{\"@type\":\"WebSite\",\"@id\":\"https:\\\/\\\/leclosduperejoseph.fr\\\/#website\",\"url\":\"https:\\\/\\\/leclosduperejoseph.fr\\\/\",\"name\":\"G\u00eete &quot;Le Clos du P\u00e8re Joseph&quot; \u00e0 Neuville-sous-Montreuil (62170) T\u00e9l : 06 85 55 03 87\",\"description\":\"En cours de construction\",\"publisher\":{\"@id\":\"https:\\\/\\\/leclosduperejoseph.fr\\\/#\\\/schema\\\/person\\\/8530ba86a786b361431569e392e1221a\"},\"potentialAction\":[{\"@type\":\"SearchAction\",\"target\":{\"@type\":\"EntryPoint\",\"urlTemplate\":\"https:\\\/\\\/leclosduperejoseph.fr\\\/?s={search_term_string}\"},\"query-input\":{\"@type\":\"PropertyValueSpecification\",\"valueRequired\":true,\"valueName\":\"search_term_string\"}}],\"inLanguage\":\"fr-FR\"},{\"@type\":[\"Person\",\"Organization\"],\"@id\":\"https:\\\/\\\/leclosduperejoseph.fr\\\/#\\\/schema\\\/person\\\/8530ba86a786b361431569e392e1221a\",\"name\":\"olivier\",\"image\":{\"@type\":\"ImageObject\",\"inLanguage\":\"fr-FR\",\"@id\":\"https:\\\/\\\/secure.gravatar.com\\\/avatar\\\/?s=96&d=mm&r=g\",\"url\":\"https:\\\/\\\/secure.gravatar.com\\\/avatar\\\/?s=96&d=mm&r=g\",\"contentUrl\":\"https:\\\/\\\/secure.gravatar.com\\\/avatar\\\/?s=96&d=mm&r=g\",\"caption\":\"olivier\"},\"logo\":{\"@id\":\"https:\\\/\\\/secure.gravatar.com\\\/avatar\\\/?s=96&d=mm&r=g\"}}]}<\/script>\n<!-- \/ Yoast SEO plugin. -->","yoast_head_json":{"title":"Le village et les alentours - G\u00eete &quot;Le Clos du P\u00e8re Joseph&quot; \u00e0 Neuville-sous-Montreuil (62170) T\u00e9l : 06 85 55 03 87","description":"G\u00eete &quot;Le Clos du P\u00e8re Joseph&quot; \u00e0 Neuville-sous-Montreuil (62170) T\u00e9l : 06 85 55 03 87 Le village et les alentours g\u00eete","robots":{"index":"index","follow":"follow","max-snippet":"max-snippet:-1","max-image-preview":"max-image-preview:large","max-video-preview":"max-video-preview:-1"},"canonical":"https:\/\/leclosduperejoseph.fr\/?page_id=161","og_locale":"fr_FR","og_type":"article","og_title":"Le village et les alentours - G\u00eete &quot;Le Clos du P\u00e8re Joseph&quot; \u00e0 Neuville-sous-Montreuil (62170) T\u00e9l : 06 85 55 03 87","og_description":"G\u00eete &quot;Le Clos du P\u00e8re Joseph&quot; \u00e0 Neuville-sous-Montreuil (62170) T\u00e9l : 06 85 55 03 87 Le village et les alentours g\u00eete","og_url":"https:\/\/leclosduperejoseph.fr\/?page_id=161","og_site_name":"G\u00eete &quot;Le Clos du P\u00e8re Joseph&quot; \u00e0 Neuville-sous-Montreuil (62170) T\u00e9l : 06 85 55 03 87","article_modified_time":"2022-09-22T17:16:58+00:00","og_image":[{"url":"https:\/\/leclosduperejoseph.fr\/wp-content\/uploads\/elementor\/thumbs\/NEUVILLE_SOUS_MONTREUIL-62-nsvd2jmmq8t83sn7f9k49rjww2dqzv3ma4f9ds6j1y.jpg","type":"","width":"","height":""}],"twitter_card":"summary_large_image","schema":{"@context":"https:\/\/schema.org","@graph":[{"@type":"WebPage","@id":"https:\/\/leclosduperejoseph.fr\/?page_id=161","url":"https:\/\/leclosduperejoseph.fr\/?page_id=161","name":"Le village et les alentours - G\u00eete &quot;Le Clos du P\u00e8re Joseph&quot; \u00e0 Neuville-sous-Montreuil (62170) T\u00e9l : 06 85 55 03 87","isPartOf":{"@id":"https:\/\/leclosduperejoseph.fr\/#website"},"primaryImageOfPage":{"@id":"https:\/\/leclosduperejoseph.fr\/?page_id=161#primaryimage"},"image":{"@id":"https:\/\/leclosduperejoseph.fr\/?page_id=161#primaryimage"},"thumbnailUrl":"https:\/\/leclosduperejoseph.fr\/wp-content\/uploads\/elementor\/thumbs\/NEUVILLE_SOUS_MONTREUIL-62-nsvd2jmmq8t83sn7f9k49rjww2dqzv3ma4f9ds6j1y.jpg","datePublished":"2018-07-09T13:15:34+00:00","dateModified":"2022-09-22T17:16:58+00:00","description":"G\u00eete &quot;Le Clos du P\u00e8re Joseph&quot; \u00e0 Neuville-sous-Montreuil (62170) T\u00e9l : 06 85 55 03 87 Le village et les alentours g\u00eete","breadcrumb":{"@id":"https:\/\/leclosduperejoseph.fr\/?page_id=161#breadcrumb"},"inLanguage":"fr-FR","potentialAction":[{"@type":"ReadAction","target":["https:\/\/leclosduperejoseph.fr\/?page_id=161"]}]},{"@type":"ImageObject","inLanguage":"fr-FR","@id":"https:\/\/leclosduperejoseph.fr\/?page_id=161#primaryimage","url":"https:\/\/leclosduperejoseph.fr\/wp-content\/uploads\/elementor\/thumbs\/NEUVILLE_SOUS_MONTREUIL-62-nsvd2jmmq8t83sn7f9k49rjww2dqzv3ma4f9ds6j1y.jpg","contentUrl":"https:\/\/leclosduperejoseph.fr\/wp-content\/uploads\/elementor\/thumbs\/NEUVILLE_SOUS_MONTREUIL-62-nsvd2jmmq8t83sn7f9k49rjww2dqzv3ma4f9ds6j1y.jpg"},{"@type":"BreadcrumbList","@id":"https:\/\/leclosduperejoseph.fr\/?page_id=161#breadcrumb","itemListElement":[{"@type":"ListItem","position":1,"name":"Accueil","item":"https:\/\/leclosduperejoseph.fr\/"},{"@type":"ListItem","position":2,"name":"Le village et les alentours"}]},{"@type":"WebSite","@id":"https:\/\/leclosduperejoseph.fr\/#website","url":"https:\/\/leclosduperejoseph.fr\/","name":"G\u00eete &quot;Le Clos du P\u00e8re Joseph&quot; \u00e0 Neuville-sous-Montreuil (62170) T\u00e9l : 06 85 55 03 87","description":"En cours de construction","publisher":{"@id":"https:\/\/leclosduperejoseph.fr\/#\/schema\/person\/8530ba86a786b361431569e392e1221a"},"potentialAction":[{"@type":"SearchAction","target":{"@type":"EntryPoint","urlTemplate":"https:\/\/leclosduperejoseph.fr\/?s={search_term_string}"},"query-input":{"@type":"PropertyValueSpecification","valueRequired":true,"valueName":"search_term_string"}}],"inLanguage":"fr-FR"},{"@type":["Person","Organization"],"@id":"https:\/\/leclosduperejoseph.fr\/#\/schema\/person\/8530ba86a786b361431569e392e1221a","name":"olivier","image":{"@type":"ImageObject","inLanguage":"fr-FR","@id":"https:\/\/secure.gravatar.com\/avatar\/?s=96&d=mm&r=g","url":"https:\/\/secure.gravatar.com\/avatar\/?s=96&d=mm&r=g","contentUrl":"https:\/\/secure.gravatar.com\/avatar\/?s=96&d=mm&r=g","caption":"olivier"},"logo":{"@id":"https:\/\/secure.gravatar.com\/avatar\/?s=96&d=mm&r=g"}}]}},"_links":{"self":[{"href":"https:\/\/leclosduperejoseph.fr\/index.php?rest_route=\/wp\/v2\/pages\/161","targetHints":{"allow":["GET"]}}],"collection":[{"href":"https:\/\/leclosduperejoseph.fr\/index.php?rest_route=\/wp\/v2\/pages"}],"about":[{"href":"https:\/\/leclosduperejoseph.fr\/index.php?rest_route=\/wp\/v2\/types\/page"}],"author":[{"embeddable":true,"href":"https:\/\/leclosduperejoseph.fr\/index.php?rest_route=\/wp\/v2\/users\/1"}],"replies":[{"embeddable":true,"href":"https:\/\/leclosduperejoseph.fr\/index.php?rest_route=%2Fwp%2Fv2%2Fcomments&post=161"}],"version-history":[{"count":30,"href":"https:\/\/leclosduperejoseph.fr\/index.php?rest_route=\/wp\/v2\/pages\/161\/revisions"}],"predecessor-version":[{"id":1457,"href":"https:\/\/leclosduperejoseph.fr\/index.php?rest_route=\/wp\/v2\/pages\/161\/revisions\/1457"}],"wp:attachment":[{"href":"https:\/\/leclosduperejoseph.fr\/index.php?rest_route=%2Fwp%2Fv2%2Fmedia&parent=161"}],"curies":[{"name":"wp","href":"https:\/\/api.w.org\/{rel}","templated":true}]}}